{"id":19106,"date":"2026-03-18T14:41:44","date_gmt":"2026-03-18T13:41:44","guid":{"rendered":"https:\/\/sahb.ch\/marche-de-loccasion\/"},"modified":"2026-08-03T11:51:43","modified_gmt":"2026-08-03T09:51:43","slug":"marche-de-loccasion","status":"publish","type":"page","link":"https:\/\/sahb.ch\/fr\/marche-de-loccasion\/","title":{"rendered":"Mar\u00adch\u00e9 de l\u2019occasion"},"content":{"rendered":"<section class=\"grid-section style-type-2\">\n    <div class=\"container\">\n                    \n            <div class=\"section-header\">\n                                    <h1>Mar\u00adch\u00e9 de l\u2019oc\u00adca\u00adsion pour moyens auxiliaires<\/h1>\n                                <p>Vous cher\u00adchez un scoo\u00adter \u00e9lec\u00adtrique ou un fau\u00adteuil rou\u00adlant d\u2019oc\u00adca\u00adsion&nbsp;? Vous sou\u00adhai\u00adtez vendre une voi\u00adture adap\u00adt\u00e9e ou un lit m\u00e9di\u00adca\u00adli\u00ads\u00e9 d\u2019oc\u00adca\u00adsion dont vous n\u2019a\u00advez plus besoin&nbsp;? La FSCMA pro\u00adpose sur cette page des moyens auxi\u00adliaires d\u2019oc\u00adca\u00adsion finan\u00adc\u00e9s de mani\u00e8re pri\u00adv\u00e9e pour les per\u00adsonnes \u00e0&nbsp;mobi\u00adli\u00adt\u00e9 r\u00e9duite, gra\u00adtui\u00adte\u00adment et sans complications.&nbsp;<\/p>\n            <\/div>\n                <div class=\"filter-block\" id=\"ads-filters\">\n            <div class=\"filter-holder\">\n\n                                                        <div class=\"dropdown\">\n                        <button class=\"btn btn-outline-success dropdown-toggle\" type=\"button\" id=\"dropdownMenuButton1\" data-bs-toggle=\"dropdown\" aria-expanded=\"false\">\n                            Cat\u00e9gorie                        <\/button>\n                        <ul class=\"dropdown-menu\" data-tax=\"category\" aria-labelledby=\"dropdownMenuButton1\">\n                                                                                                                        <li><a class=\"dropdown-item\" data-term=\"vehicules-et-mobilite-fr\" href=\"#\">V\u00e9hi\u00adcules et mobilit\u00e9<\/a><\/li>\n                                                                                                                                                                                    <li><a class=\"dropdown-item\" data-term=\"vehicules-electriques-et-scooters-fr\" href=\"#\"> \u2014 V\u00e9hi\u00adcules \u00e9lec\u00adtriques et scooters<\/a><\/li>\n                                                                                                                    <li><a class=\"dropdown-item\" data-term=\"fauteuils-roulants-electriques-fr\" href=\"#\"> \u2014 Fau\u00adteuils rou\u00adlants \u00e9lectriques<\/a><\/li>\n                                                                                                                    <li><a class=\"dropdown-item\" data-term=\"fauteuils-roulants-manuels-fr\" href=\"#\"> \u2014 Fau\u00adteuils rou\u00adlants manuels<\/a><\/li>\n                                                                                                                    <li><a class=\"dropdown-item\" data-term=\"deambulateurs-fr\" href=\"#\"> \u2014 D\u00e9ambulateurs<\/a><\/li>\n                                                                                                                    <li><a class=\"dropdown-item\" data-term=\"systemes-de-propulsion-pour-fauteuils-roulants-fr\" href=\"#\"> \u2014 Sys\u00adt\u00e8mes de pro\u00adpul\u00adsion pour fau\u00adteuils roulants<\/a><\/li>\n                                                                                                                    <li><a class=\"dropdown-item\" data-term=\"automobiles-fr\" href=\"#\"> \u2014 Automobiles<\/a><\/li>\n                                                                        \n                                                                                                                            <li><a class=\"dropdown-item\" data-term=\"moyens-auxiliaires-pour-enfants-fr\" href=\"#\">Moyens auxi\u00adliaires pour enfants<\/a><\/li>\n                                                                                                                                                            <li><a class=\"dropdown-item\" data-term=\"divers-fr\" href=\"#\">Divers<\/a><\/li>\n                                                                                                                                                            <li><a class=\"dropdown-item\" data-term=\"moyens-auxiliaires-pour-salle-de-bains-et-toilettes-fr\" href=\"#\">Moyens auxi\u00adliaires pour salle de bains et toilettes<\/a><\/li>\n                                                                                                                                                                                    <li><a class=\"dropdown-item\" data-term=\"sieges-et-chaises-de-douche-fr\" href=\"#\"> \u2014 Si\u00e8ges et chaises de douche<\/a><\/li>\n                                                                        \n                                                                                                                            <li><a class=\"dropdown-item\" data-term=\"soins-et-confort-fr\" href=\"#\">Soins et confort<\/a><\/li>\n                                                                                                                                                                                    <li><a class=\"dropdown-item\" data-term=\"lits-de-soins-matelas-et-accessoires-fr\" href=\"#\"> \u2014 Lits de soins, mate\u00adlas et accessoires<\/a><\/li>\n                                                                                                                    <li><a class=\"dropdown-item\" data-term=\"chaises-et-fauteuils-fr\" href=\"#\"> \u2014 Chaises et fauteuils<\/a><\/li>\n                                                                        \n                                                                                    <\/ul>\n                    <\/div>                    \n                                \n                                <div class=\"dropdown\">\n                    <button class=\"btn btn-outline-success dropdown-toggle\" type=\"button\" id=\"dropdownMenuButton2\" data-bs-toggle=\"dropdown\" aria-expanded=\"false\">\n                        Prix                    <\/button>\n                    <ul class=\"dropdown-menu\" data-tax=\"orderby\" aria-labelledby=\"dropdownMenuButton2\">\n                                                <li><a class=\"dropdown-item\" data-term=\"price-asc\" href=\"#\">Nie\u00addrig \u2013&nbsp;Hoch<\/a><\/li>\n                                                <li><a class=\"dropdown-item\" data-term=\"price-desc\" href=\"#\">Hoch \u2013 Niedrig<\/a><\/li>\n                    <\/ul>\n                <\/div>\n\n                                                        <div class=\"dropdown\">\n                        <button class=\"btn btn-outline-success dropdown-toggle\" type=\"button\" id=\"dropdownMenuButton3\" data-bs-toggle=\"dropdown\" aria-expanded=\"false\">\n                            \u00c9tat                        <\/button>\n                        <ul class=\"dropdown-menu\" data-tax=\"condition\" aria-labelledby=\"dropdownMenuButton3\">\n                                                                                                                        <li><a class=\"dropdown-item\" data-term=\"bien-entretenu\" href=\"#\">bien entre\u00adte\u00adnu<\/a><\/li>                                \n                                                                                            <li><a class=\"dropdown-item\" data-term=\"doccasion\" href=\"#\">d\u2019oc\u00adca\u00adsion<\/a><\/li>                                \n                                                                                            <li><a class=\"dropdown-item\" data-term=\"bien-entretenu-sans-defauts\" href=\"#\">bien entre\u00adte\u00adnu, sans d\u00e9fauts<\/a><\/li>                                \n                                                                                            <li><a class=\"dropdown-item\" data-term=\"bien-entretenu-avec-de-legeres-traces-dusure\" href=\"#\">bien entre\u00adte\u00adnu avec de l\u00e9g\u00e8res traces d\u2019usure<\/a><\/li>                                \n                                                                                            <li><a class=\"dropdown-item\" data-term=\"comme-neuf-jamais-utilise\" href=\"#\">comme neuf \u2013 jamais utilis\u00e9<\/a><\/li>                                \n                                                    <\/ul>\n                    <\/div>\n                \n                                    <div class=\"dropdown\">\n                                                <button class=\"btn btn-outline-success dropdown-toggle\" type=\"button\" id=\"dropdownMenuButton4\" data-bs-toggle=\"dropdown\" aria-expanded=\"false\">\n                            Marque                        <\/button>\n                        <ul class=\"dropdown-menu\" data-tax=\"brand\" aria-labelledby=\"dropdownMenuButton4\">\n                                                                                                                        <li><a class=\"dropdown-item\" data-term=\"Axtair+Automorpho+plus\" href=\"#\">Axtair Auto\u00admor\u00adpho&nbsp;plus<\/a><\/li>                                                                           \n                                                                                            <li><a class=\"dropdown-item\" data-term=\"Breezy+%2F+Sunrise+M%C3%A9dical\" href=\"#\">Bree\u00adzy \/ Sun\u00adrise M\u00e9dical<\/a><\/li>                                                                           \n                                                                                            <li><a class=\"dropdown-item\" data-term=\"Chaise+roulante\" href=\"#\">Chaise rou\u00adlante<\/a><\/li>                                                                           \n                                                                                            <li><a class=\"dropdown-item\" data-term=\"CITROEN\" href=\"#\">CITROEN<\/a><\/li>                                                                           \n                                                                                            <li><a class=\"dropdown-item\" data-term=\"Colibri+plus\" href=\"#\">Coli\u00adbri&nbsp;plus<\/a><\/li>                                                                           \n                                                                                            <li><a class=\"dropdown-item\" data-term=\"Coussin+anti-escarres\" href=\"#\">Cous\u00adsin anti-escarres<\/a><\/li>                                                                           \n                                                                                            <li><a class=\"dropdown-item\" data-term=\"D%C3%A9ambulateur\" href=\"#\">D\u00e9am\u00adbu\u00adla\u00adteur<\/a><\/li>                                                                           \n                                                                                            <li><a class=\"dropdown-item\" data-term=\"Embru\" href=\"#\">Embru<\/a><\/li>                                                                           \n                                                                                            <li><a class=\"dropdown-item\" data-term=\"Erivo\" href=\"#\">Eri\u00advo<\/a><\/li>                                                                           \n                                                                                            <li><a class=\"dropdown-item\" data-term=\"Fauteuil+relax+%C3%A9lectrique\" href=\"#\">Fau\u00adteuil relax \u00e9lectrique<\/a><\/li>                                                                           \n                                                                                            <li><a class=\"dropdown-item\" data-term=\"Fauteuil+roulant+%C3%A9lectrique\" href=\"#\">Fau\u00adteuil rou\u00adlant \u00e9lectrique<\/a><\/li>                                                                           \n                                                                                            <li><a class=\"dropdown-item\" data-term=\"Landi\" href=\"#\">Lan\u00addi<\/a><\/li>                                                                           \n                                                                                            <li><a class=\"dropdown-item\" data-term=\"Mobilex\" href=\"#\">Mobi\u00adlex<\/a><\/li>                                                                           \n                                                                                            <li><a class=\"dropdown-item\" data-term=\"Oba+basique\" href=\"#\">Oba basique<\/a><\/li>                                                                           \n                                                                                            <li><a class=\"dropdown-item\" data-term=\"Rampe+d%27acc%C3%A8s\" href=\"#\">Rampe d\u2019ac\u00adc\u00e8s<\/a><\/li>                                                                           \n                                                                                            <li><a class=\"dropdown-item\" data-term=\"Recaro\" href=\"#\">Reca\u00adro<\/a><\/li>                                                                           \n                                                                                            <li><a class=\"dropdown-item\" data-term=\"Renault\" href=\"#\">Renault<\/a><\/li>                                                                           \n                                                                                            <li><a class=\"dropdown-item\" data-term=\"Rollator\" href=\"#\">Rol\u00adla\u00adtor<\/a><\/li>                                                                           \n                                                                                            <li><a class=\"dropdown-item\" data-term=\"Scooter+%C3%A9lectrique\" href=\"#\">Scoo\u00adter \u00e9lectrique<\/a><\/li>                                                                           \n                                                                                            <li><a class=\"dropdown-item\" data-term=\"Sopur\" href=\"#\">Sopur<\/a><\/li>                                                                           \n                                                                                            <li><a class=\"dropdown-item\" data-term=\"Syst%C3%A8me+d%E2%80%99assistance+%C3%A9lectrique+pour+fauteuil+roulant+Alber+e-fix+E35\" href=\"#\">Sys\u00adt\u00e8me d\u2019assistance \u00e9lec\u00adtrique pour fau\u00adteuil rou\u00adlant Alber e\u2011fix&nbsp;E35<\/a><\/li>                                                                           \n                                                    <\/ul>\n                    <\/div>\n                \n\n                                    <ul id=\"filter-selected-list\" class=\"filters-list\">\n\n                        \n                                                                                                        \n                        \n\n                        \n                    <\/ul>\n                                \n            <\/div>\n        <\/div>\n\n        \n        <div class=\"grid-holder\">\n                            \n                <div class=\"row row-ajax-anceptor\">\n                                            <div class=\"col-md-6 col-lg-4\">\n    <div class=\"product-card\">\n        <a href=\"https:\/\/sahb.ch\/occasionmarkt\/therapiegeraete-motomed-viva-1\/\">\n            <figure class=\"img-holder\">\n            <img decoding=\"async\" src=\"https:\/\/sahb.ch\/wp-content\/uploads\/2026\/08\/IMG_5282-1-766x1024.jpeg\" alt=\"The\u00adra\u00adpie\u00adger\u00e4te \u2013 Moto\u00admed Viva&nbsp;1\" loading=\"lazy\" class=\"lazyload\">\n                <figcaption>The\u00adra\u00adpie\u00adger\u00e4te<\/figcaption>\n<\/figure>\n        <\/a>\n        <div class=\"text-holder\">\n            <h2><a href=\"https:\/\/sahb.ch\/occasionmarkt\/therapiegeraete-motomed-viva-1\/\">Moto\u00admed Viva&nbsp;1<\/a><\/h2>\n            <span class=\"price\">CHF 500.-<\/span>\n            <div class=\"text-footer\">\n                <span>Nidau, 2560<\/span>\n                                \t<time class=\"date\">04.09.2026<\/time>\n                            <\/div>\n        <\/div>\n    <\/div>\n    <!-- .product-card -->\n<\/div>                        \n                                            <div class=\"col-md-6 col-lg-4\">\n    <div class=\"product-card\">\n        <a href=\"https:\/\/sahb.ch\/fr\/marche-des-occasions\/automobiles-renault-kangoo-1-5dci-90\/\">\n            <figure class=\"img-holder\">\n            <img decoding=\"async\" src=\"https:\/\/sahb.ch\/wp-content\/uploads\/2026\/09\/WhatsApp-Image-2026-08-29-at-18.40.31-22-2-768x1024.jpeg\" alt=\"Auto\u00admo\u00adbiles \u2013 Renault Kan\u00adgoo 1.5dci 90\" loading=\"lazy\" class=\"lazyload\">\n                <figcaption>V\u00e9hi\u00adcules et mobi\u00adli\u00adt\u00e9 \/ Automobiles<\/figcaption>\n<\/figure>\n        <\/a>\n        <div class=\"text-holder\">\n            <h2><a href=\"https:\/\/sahb.ch\/fr\/marche-des-occasions\/automobiles-renault-kangoo-1-5dci-90\/\">Renault Kan\u00adgoo 1.5dci 90<\/a><\/h2>\n            <span class=\"price\">CHF 21\u2019000.-<\/span>\n            <div class=\"text-footer\">\n                <span>Bou\u00adgy-Vil\u00adlars,&nbsp;1172<\/span>\n                                \t<time class=\"date\">04.09.2026<\/time>\n                            <\/div>\n        <\/div>\n    <\/div>\n    <!-- .product-card -->\n<\/div>                        \n                                            <div class=\"col-md-6 col-lg-4\">\n    <div class=\"product-card\">\n        <a href=\"https:\/\/sahb.ch\/occasionmarkt\/rollstuhlantriebe-vermeiren-unbekannt\/\">\n            <figure class=\"img-holder\">\n            <img decoding=\"async\" src=\"https:\/\/sahb.ch\/wp-content\/uploads\/2026\/09\/20260901_110820-1024x768.jpg\" alt=\"Roll\u00adstuh\u00adlan\u00adtriebe \u2013 Ver\u00admei\u00adren unbekannt\" loading=\"lazy\" class=\"lazyload\">\n                <figcaption>Fort\u00adbe\u00adwe\u00adgung und Mobi\u00adlit\u00e4t \/ Rollstuhlantriebe<\/figcaption>\n<\/figure>\n        <\/a>\n        <div class=\"text-holder\">\n            <h2><a href=\"https:\/\/sahb.ch\/occasionmarkt\/rollstuhlantriebe-vermeiren-unbekannt\/\">Ver\u00admei\u00adren unbekannt<\/a><\/h2>\n            <span class=\"price\">CHF 0.-<\/span>\n            <div class=\"text-footer\">\n                <span>Ennet\u00adba\u00adden,&nbsp;5408<\/span>\n                                \t<time class=\"date\">04.09.2026<\/time>\n                            <\/div>\n        <\/div>\n    <\/div>\n    <!-- .product-card -->\n<\/div>                        \n                                            <div class=\"col-md-6 col-lg-4\">\n    <div class=\"product-card\">\n        <a href=\"https:\/\/sahb.ch\/fr\/marche-des-occasions\/divers-rampe-de-seuil-inconnu\/\">\n            <figure class=\"img-holder\">\n            <img decoding=\"async\" src=\"https:\/\/sahb.ch\/wp-content\/uploads\/2026\/09\/WhatsApp-Image-2026-09-01-at-11.37.52-768x1024.jpeg\" alt=\"Divers \u2013 Rampe de seuil Inconnu\" loading=\"lazy\" class=\"lazyload\">\n                <figcaption>Divers<\/figcaption>\n<\/figure>\n        <\/a>\n        <div class=\"text-holder\">\n            <h2><a href=\"https:\/\/sahb.ch\/fr\/marche-des-occasions\/divers-rampe-de-seuil-inconnu\/\">Mobi\u00adlex Inconnu<\/a><\/h2>\n            <span class=\"price\">CHF 50.-<\/span>\n            <div class=\"text-footer\">\n                <span>Bou\u00adgy-Vil\u00adlars,&nbsp;1172<\/span>\n                                \t<time class=\"date\">04.09.2026<\/time>\n                            <\/div>\n        <\/div>\n    <\/div>\n    <!-- .product-card -->\n<\/div>                        \n                                            <div class=\"col-md-6 col-lg-4\">\n    <div class=\"product-card\">\n        <a href=\"https:\/\/sahb.ch\/fr\/marche-des-occasions\/divers-rampe-dacces-aerolight-lifestyle\/\">\n            <figure class=\"img-holder\">\n            <img decoding=\"async\" src=\"https:\/\/sahb.ch\/wp-content\/uploads\/2026\/09\/WhatsApp-Image-2026-09-01-at-11.37.52-3-768x1024.jpeg\" alt=\"Divers \u2013 Rampe d\u2019ac\u00adc\u00e8s Aero\u00adlight Lifestyle\" loading=\"lazy\" class=\"lazyload\">\n                <figcaption>Divers<\/figcaption>\n<\/figure>\n        <\/a>\n        <div class=\"text-holder\">\n            <h2><a href=\"https:\/\/sahb.ch\/fr\/marche-des-occasions\/divers-rampe-dacces-aerolight-lifestyle\/\">Rampe d\u2019ac\u00adc\u00e8s Aero\u00adlight Lifestyle<\/a><\/h2>\n            <span class=\"price\">CHF 500.-<\/span>\n            <div class=\"text-footer\">\n                <span>Bou\u00adgy-Vil\u00adlars,&nbsp;1172<\/span>\n                                \t<time class=\"date\">04.09.2026<\/time>\n                            <\/div>\n        <\/div>\n    <\/div>\n    <!-- .product-card -->\n<\/div>                        \n                                            <div class=\"col-md-6 col-lg-4\">\n    <div class=\"product-card\">\n        <a href=\"https:\/\/sahb.ch\/occasionmarkt\/pflegebetten-matratzen-und-zubehoer-kirchner-komfortbett-basel-classic\/\">\n            <figure class=\"img-holder\">\n            <img decoding=\"async\" src=\"https:\/\/sahb.ch\/wp-content\/uploads\/2026\/09\/Pflegebett-1024x769.jpg\" alt=\"Pfle\u00adge\u00adbet\u00adten, Matrat\u00adzen und Zubeh\u00f6r \u2013 Kirch\u00adner Kom\u00adfort\u00adbett Basel Classic\" loading=\"lazy\" class=\"lazyload\">\n                <figcaption>Pflege und Kom\u00adfort \/ Pfle\u00adge\u00adbet\u00adten, Matrat\u00adzen und Zubeh\u00f6r<\/figcaption>\n<\/figure>\n        <\/a>\n        <div class=\"text-holder\">\n            <h2><a href=\"https:\/\/sahb.ch\/occasionmarkt\/pflegebetten-matratzen-und-zubehoer-kirchner-komfortbett-basel-classic\/\">Kirch\u00adner Kom\u00adfort\u00adbett Basel Classic<\/a><\/h2>\n            <span class=\"price\">CHF 1\u2019500.-<\/span>\n            <div class=\"text-footer\">\n                <span>Wan\u00adgen a\/Aare, 3380<\/span>\n                                \t<time class=\"date\">04.09.2026<\/time>\n                            <\/div>\n        <\/div>\n    <\/div>\n    <!-- .product-card -->\n<\/div>                        \n                                            <div class=\"col-md-6 col-lg-4\">\n    <div class=\"product-card\">\n        <a href=\"https:\/\/sahb.ch\/occasionmarkt\/elektrorollstuehle-e-fix-viampbil-mit-aktivrollstuhl-avantgatde-aktivrollstuhl\/\">\n            <figure class=\"img-holder\">\n            <img decoding=\"async\" src=\"https:\/\/sahb.ch\/wp-content\/uploads\/2026\/08\/1000186925-1-765x1024.jpg\" alt=\"Elek\u00adtro\u00adroll\u00adst\u00fchle \u2013 E\u2011fix Viamp\u00adbil mit Akti\u00advroll\u00adstuhl Avant\u00adgatde Aktivrollstuhl\" loading=\"lazy\" class=\"lazyload\">\n                <figcaption>Fort\u00adbe\u00adwe\u00adgung und Mobi\u00adlit\u00e4t \/ Elektrorollst\u00fchle<\/figcaption>\n<\/figure>\n        <\/a>\n        <div class=\"text-holder\">\n            <h2><a href=\"https:\/\/sahb.ch\/occasionmarkt\/elektrorollstuehle-e-fix-viampbil-mit-aktivrollstuhl-avantgatde-aktivrollstuhl\/\">E\u2011fix Viamp\u00adbil mit Akti\u00advroll\u00adstuhl Avant\u00adgatde Aktivrollstuhl<\/a><\/h2>\n            <span class=\"price\">CHF 2\u2019500.-<\/span>\n            <div class=\"text-footer\">\n                <span>Tr\u00fcl\u00adli\u00adkon,&nbsp;8466<\/span>\n                                \t<time class=\"date\">03.09.2026<\/time>\n                            <\/div>\n        <\/div>\n    <\/div>\n    <!-- .product-card -->\n<\/div>                        \n                                            <div class=\"col-md-6 col-lg-4\">\n    <div class=\"product-card\">\n        <a href=\"https:\/\/sahb.ch\/occasionmarkt\/pflegebetten-matratzen-und-zubehoer-burmeier-lippe-2600\/\">\n            <figure class=\"img-holder\">\n            <img decoding=\"async\" src=\"https:\/\/sahb.ch\/wp-content\/uploads\/2026\/08\/20260827_141921-1-754x1024.jpg\" alt=\"Pfle\u00adge\u00adbet\u00adten, Matrat\u00adzen und Zubeh\u00f6r \u2013 Bur\u00admeier Lippe&nbsp;2600\" loading=\"lazy\" class=\"lazyload\">\n                <figcaption>Pflege und Kom\u00adfort \/ Pfle\u00adge\u00adbet\u00adten, Matrat\u00adzen und Zubeh\u00f6r<\/figcaption>\n<\/figure>\n        <\/a>\n        <div class=\"text-holder\">\n            <h2><a href=\"https:\/\/sahb.ch\/occasionmarkt\/pflegebetten-matratzen-und-zubehoer-burmeier-lippe-2600\/\">Bur\u00admeier Lippe&nbsp;2600<\/a><\/h2>\n            <span class=\"price\">CHF 1\u2019000.-<\/span>\n            <div class=\"text-footer\">\n                <span>Olten, 4600<\/span>\n                                \t<time class=\"date\">02.09.2026<\/time>\n                            <\/div>\n        <\/div>\n    <\/div>\n    <!-- .product-card -->\n<\/div>                        \n                                            <div class=\"col-md-6 col-lg-4\">\n    <div class=\"product-card\">\n        <a href=\"https:\/\/sahb.ch\/occasionmarkt\/diverses-metalltechnik-dermbach-gmbh-rollatorenbox\/\">\n            <figure class=\"img-holder\">\n            <img decoding=\"async\" src=\"https:\/\/sahb.ch\/wp-content\/uploads\/2026\/08\/IMG_9184-768x1024.jpg\" alt=\"Diverses \u2013 Metall\u00adtech\u00adnik Derm\u00adbach GmbH Rollatorenbox\" loading=\"lazy\" class=\"lazyload\">\n                <figcaption>Diverses<\/figcaption>\n<\/figure>\n        <\/a>\n        <div class=\"text-holder\">\n            <h2><a href=\"https:\/\/sahb.ch\/occasionmarkt\/diverses-metalltechnik-dermbach-gmbh-rollatorenbox\/\">Metall\u00adtech\u00adnik Derm\u00adbach GmbH Rollatorenbox<\/a><\/h2>\n            <span class=\"price\">CHF 120.-<\/span>\n            <div class=\"text-footer\">\n                <span>Mut\u00adtenz,&nbsp;4132<\/span>\n                                \t<time class=\"date\">02.09.2026<\/time>\n                            <\/div>\n        <\/div>\n    <\/div>\n    <!-- .product-card -->\n<\/div>                        \n                                                            \n                <\/div>\n                                                        <div class=\"btn-holder\">\n                        <a href=\"#\" id=\"load-more-ads\" data-page=\"1\" data-max=\"27\" data-filters=\"{&quot;orderby&quot;:&quot;newest&quot;}\" class=\"btn btn-outline-success btn-regular\">mehr anzei\u00adgen<\/a>\n                    <\/div>\n                                    <\/div>\n\n    <\/div>\n<\/section>\n<!-- \/.grid-section -->\n\n<section class=\"text-banner-section text-banner-turquoise-bg\">\n    <div class=\"container\">\n        <div class=\"text-holder\">\n                                                <h2>Publier des annonces<\/h2>\n                                                        <p>Vous sou\u00adhai\u00adtez vendre une voi\u00adture adap\u00adt\u00e9e ou un lit m\u00e9di\u00adca\u00adli\u00ads\u00e9 d\u2019oc\u00adca\u00adsion dont vous n\u2019a\u00advez plus besoin&nbsp;? Notre mar\u00adch\u00e9 de l\u2019oc\u00adca\u00adsion pour moyens auxi\u00adliaires est dis\u00adpo\u00adnible en ligne 24 heures sur&nbsp;24.&nbsp;<\/p>\n                                        \n                <a href=\"https:\/\/sahb.ch\/fr\/formulaire-marche-doccasion\/\" class=\"btn btn-regular btn-light\" target=\"_blank\">\n                    Publier une annonce&nbsp;<\/a>\n                    <\/div>\n    <\/div>\n<\/section>\n<!-- .text-banner-section -->\n\n    <section class=\"icons-grid-section\">\n        <div class=\"container\">\n            <div class=\"row\">\n                                    \n                    <div class=\"col-md-6 col-lg-3\">\n                        <div class=\"icon-desc-card\">\n                                                            \n                                <figure class=\"ico-holder\">\n                                    <img decoding=\"async\" src=\"https:\/\/sahb.ch\/wp-content\/uploads\/2025\/03\/occasionsmarkt-sahb-hilfsmittel-schweiz.webp\" alt=\"March\u00e9 de l\u2019occasion - Die SAHB \u2013 Ihre unabh\u00e4ngige Beraterin und Dienstleisterin f\u00fcr Hilfsmittel in der Schweiz 3\" loading=\"lazy\" class=\"lazyload\">\n                                <\/figure>\n                                                                                        \n                                <div class=\"text-holder\">\n                                    <p>Les annonces sont v\u00e9ri\u00adfi\u00e9es et acti\u00adv\u00e9es par la FSCMA <strong>dans un d\u00e9lai d\u2019une semaine ouvr\u00e9e<\/strong>. Les annonces ne sont donc pas visibles imm\u00e9\u00addia\u00adte\u00adment sur le site web apr\u00e8s leur t\u00e9l\u00e9chargement.&nbsp;<\/p>\n                                <\/div>\n                                                    <\/div>\n                        <!-- .icon-desc-card -->\n                    <\/div>\n                                    \n                    <div class=\"col-md-6 col-lg-3\">\n                        <div class=\"icon-desc-card\">\n                                                            \n                                <figure class=\"ico-holder\">\n                                    <img decoding=\"async\" src=\"https:\/\/sahb.ch\/wp-content\/uploads\/2025\/03\/occasionsmarkt-sahb-hilfsmittel-schweiz-2.webp\" alt=\"March\u00e9 de l\u2019occasion - Die SAHB \u2013 Ihre unabh\u00e4ngige Beraterin und Dienstleisterin f\u00fcr Hilfsmittel in der Schweiz 2\" loading=\"lazy\" class=\"lazyload\">\n                                <\/figure>\n                                                                                        \n                                <div class=\"text-holder\">\n                                    <p>La dur\u00e9e de publi\u00adca\u00adtion de <b>5&nbsp;semaines<\/b> com\u00admence \u00e0&nbsp;par\u00adtir de l\u2019ac\u00adti\u00adva\u00adtion de notre part. Nous vous remer\u00adcions de votre compr\u00e9hension.&nbsp;<\/p>\n                                <\/div>\n                                                    <\/div>\n                        <!-- .icon-desc-card -->\n                    <\/div>\n                                    \n                    <div class=\"col-md-6 col-lg-3\">\n                        <div class=\"icon-desc-card\">\n                                                            \n                                <figure class=\"ico-holder\">\n                                    <img decoding=\"async\" src=\"https:\/\/sahb.ch\/wp-content\/uploads\/2025\/03\/occasionsmarkt-sahb-hilfsmittel-schweiz-3.webp\" alt=\"March\u00e9 de l\u2019occasion - Die SAHB \u2013 Ihre unabh\u00e4ngige Beraterin und Dienstleisterin f\u00fcr Hilfsmittel in der Schweiz 1\" loading=\"lazy\" class=\"lazyload\">\n                                <\/figure>\n                                                                                        \n                                <div class=\"text-holder\">\n                                    <p><b>Atten\u00adtion aux escrocs<\/b> qui simulent un achat avec de faux re\u00e7us. La FSCMA d\u00e9cline toute res\u00adpon\u00adsa\u00adbi\u00adli\u00adt\u00e9 pour les pro\u00adduits pro\u00adpo\u00ads\u00e9s ici \u2013 seul le ven\u00addeur est res\u00adpon\u00adsable des \u00e9ven\u00adtuels d\u00e9fauts.  <a href=\"https:\/\/sahb.ch\/fr\/protection-contre-la-fraude\/\">Conseils pour se pro\u00adt\u00e9\u00adger contre la fraude<\/a><\/p>\n                                <\/div>\n                                                    <\/div>\n                        <!-- .icon-desc-card -->\n                    <\/div>\n                                    \n                    <div class=\"col-md-6 col-lg-3\">\n                        <div class=\"icon-desc-card\">\n                                                            \n                                <figure class=\"ico-holder\">\n                                    <img decoding=\"async\" src=\"https:\/\/sahb.ch\/wp-content\/uploads\/2025\/03\/occasionsmarkt-sahb-hilfsmittel-schweiz-4.webp\" alt=\"March\u00e9 de l\u2019occasion - Die SAHB \u2013 Ihre unabh\u00e4ngige Beraterin und Dienstleisterin f\u00fcr Hilfsmittel in der Schweiz\" loading=\"lazy\" class=\"lazyload\">\n                                <\/figure>\n                                                                                        \n                                <div class=\"text-holder\">\n                                    <p>Pour toute <b>ques\u00adtion<\/b>, veuillez vous adres\u00adser \u00e0&nbsp;: <a href=\"mailto:occasionsmarkt@sahb.ch\">occasionsmarkt@sahb.ch<\/a><\/p>\n                                <\/div>\n                                                    <\/div>\n                        <!-- .icon-desc-card -->\n                    <\/div>\n                                \n            <\/div>\n        <\/div>\n    <\/section>\n    <!-- .icons-grid-section -->\n\n\n\n\n\n\n\n\n\n\n\n<section class=\"text-banner-section text-banner-turquoise-bg\">\n    <div class=\"container\">\n        <div class=\"text-holder\">\n                                                <h2>Pro\u00ad\u00adt\u00e9\u00ad\u00adgez-vous contre la fraude<\/h2>\n                                                        <p>Conseils et indi\u00adca\u00adtions pour vous pro\u00adt\u00e9\u00adger contre la fraude lors de l\u2019u\u00adti\u00adli\u00adsa\u00adtion du mar\u00adch\u00e9 de l\u2019occasion.<\/p>\n                                        \n                <a href=\"https:\/\/sahb.ch\/fr\/protection-contre-la-fraude\/\" class=\"btn btn-regular btn-light\" target=\"_self\">\n                    Pro\u00adtec\u00adtion contre la fraude&nbsp;<\/a>\n                    <\/div>\n    <\/div>\n<\/section>\n<!-- .text-banner-section -->\n\n<section class=\"text-banner-section text-banner-white-bg\">\n    <div class=\"container\">\n        <div class=\"text-holder\">\n                                                <h2>CGV<\/h2>\n                                                        <p>CGV du mar\u00adch\u00e9 de l\u2019oc\u00adca\u00adsion sur sahb.ch<\/p>\n                                        \n                <a href=\"https:\/\/sahb.ch\/agb\/\" class=\"btn btn-regular btn-primary\" target=\"_self\">\n                    CGV&nbsp;<\/a>\n                    <\/div>\n    <\/div>\n<\/section>\n<!-- .text-banner-section -->\n\n\n\n\n<p class=\"wp-block-paragraph\"><\/p>\n","protected":false},"excerpt":{"rendered":"","protected":false},"author":8,"featured_media":0,"parent":0,"menu_order":50,"comment_status":"closed","ping_status":"closed","template":"","meta":{"_acf_changed":false,"inline_featured_image":false,"wp_typography_post_enhancements_disabled":false,"footnotes":""},"class_list":["post-19106","page","type-page","status-publish","hentry"],"acf":[],"yoast_head":"<!-- This site is optimized with the Yoast SEO plugin v28.4 - https:\/\/yoast.com\/product\/yoast-seo-wordpress\/ -->\n<title>March\u00e9 de l\u2019occasion | SAHB Hilfsmittelberatung<\/title>\n<meta name=\"robots\" content=\"index, follow, max-snippet:-1, max-image-preview:large, max-video-preview:-1\" \/>\n<link rel=\"canonical\" href=\"https:\/\/sahb.ch\/fr\/marche-de-loccasion\/\" \/>\n<meta property=\"og:locale\" content=\"fr_FR\" \/>\n<meta property=\"og:type\" content=\"article\" \/>\n<meta property=\"og:title\" content=\"March\u00e9 de l\u2019occasion | SAHB Hilfsmittelberatung\" \/>\n<meta property=\"og:url\" content=\"https:\/\/sahb.ch\/fr\/marche-de-loccasion\/\" \/>\n<meta property=\"og:site_name\" content=\"SAHB Hilfsmittelberatung\" \/>\n<meta property=\"article:modified_time\" content=\"2026-08-03T09:51:43+00:00\" \/>\n<meta property=\"og:image\" content=\"https:\/\/sahb.ch\/wp-content\/uploads\/2025\/01\/sahb-hilfsmittelberatung-logo@1200x675.png\" \/>\n\t<meta property=\"og:image:width\" content=\"1200\" \/>\n\t<meta property=\"og:image:height\" content=\"675\" \/>\n\t<meta property=\"og:image:type\" content=\"image\/png\" \/>\n<meta name=\"twitter:card\" content=\"summary_large_image\" \/>\n<script type=\"application\/ld+json\" class=\"yoast-schema-graph\">{\"@context\":\"https:\\\/\\\/schema.org\",\"@graph\":[{\"@type\":\"WebPage\",\"@id\":\"https:\\\/\\\/sahb.ch\\\/fr\\\/marche-de-loccasion\\\/\",\"url\":\"https:\\\/\\\/sahb.ch\\\/fr\\\/marche-de-loccasion\\\/\",\"name\":\"March\u00e9 de l\u2019occasion | SAHB Hilfsmittelberatung\",\"isPartOf\":{\"@id\":\"https:\\\/\\\/sahb.ch\\\/fr\\\/#website\"},\"datePublished\":\"2026-03-18T13:41:44+00:00\",\"dateModified\":\"2026-08-03T09:51:43+00:00\",\"breadcrumb\":{\"@id\":\"https:\\\/\\\/sahb.ch\\\/fr\\\/marche-de-loccasion\\\/#breadcrumb\"},\"inLanguage\":\"fr-FR\",\"potentialAction\":[{\"@type\":\"ReadAction\",\"target\":[\"https:\\\/\\\/sahb.ch\\\/fr\\\/marche-de-loccasion\\\/\"]}]},{\"@type\":\"BreadcrumbList\",\"@id\":\"https:\\\/\\\/sahb.ch\\\/fr\\\/marche-de-loccasion\\\/#breadcrumb\",\"itemListElement\":[{\"@type\":\"ListItem\",\"position\":1,\"name\":\"Home\",\"item\":\"https:\\\/\\\/sahb.ch\\\/fr\\\/\"},{\"@type\":\"ListItem\",\"position\":2,\"name\":\"March\u00e9 de l\u2019occasion\"}]},{\"@type\":\"WebSite\",\"@id\":\"https:\\\/\\\/sahb.ch\\\/fr\\\/#website\",\"url\":\"https:\\\/\\\/sahb.ch\\\/fr\\\/\",\"name\":\"SAHB Hilfsmittelberatung\",\"description\":\"My WordPress Blog\",\"publisher\":{\"@id\":\"https:\\\/\\\/sahb.ch\\\/fr\\\/#organization\"},\"alternateName\":\"SAHB\",\"potentialAction\":[{\"@type\":\"SearchAction\",\"target\":{\"@type\":\"EntryPoint\",\"urlTemplate\":\"https:\\\/\\\/sahb.ch\\\/fr\\\/?s={search_term_string}\"},\"query-input\":{\"@type\":\"PropertyValueSpecification\",\"valueRequired\":true,\"valueName\":\"search_term_string\"}}],\"inLanguage\":\"fr-FR\"},{\"@type\":\"Organization\",\"@id\":\"https:\\\/\\\/sahb.ch\\\/fr\\\/#organization\",\"name\":\"SAHB Hilfsmittelberatung\",\"alternateName\":\"SAHB\",\"url\":\"https:\\\/\\\/sahb.ch\\\/fr\\\/\",\"logo\":{\"@type\":\"ImageObject\",\"inLanguage\":\"fr-FR\",\"@id\":\"https:\\\/\\\/sahb.ch\\\/fr\\\/#\\\/schema\\\/logo\\\/image\\\/\",\"url\":\"https:\\\/\\\/sahb.ch\\\/wp-content\\\/uploads\\\/2025\\\/01\\\/sahb-hilfsmittelberatung-logo@696x696.png\",\"contentUrl\":\"https:\\\/\\\/sahb.ch\\\/wp-content\\\/uploads\\\/2025\\\/01\\\/sahb-hilfsmittelberatung-logo@696x696.png\",\"width\":696,\"height\":696,\"caption\":\"SAHB Hilfsmittelberatung\"},\"image\":{\"@id\":\"https:\\\/\\\/sahb.ch\\\/fr\\\/#\\\/schema\\\/logo\\\/image\\\/\"}}]}<\/script>\n<!-- \/ Yoast SEO plugin. -->","yoast_head_json":{"title":"March\u00e9 de l\u2019occasion | SAHB Hilfsmittelberatung","robots":{"index":"index","follow":"follow","max-snippet":"max-snippet:-1","max-image-preview":"max-image-preview:large","max-video-preview":"max-video-preview:-1"},"canonical":"https:\/\/sahb.ch\/fr\/marche-de-loccasion\/","og_locale":"fr_FR","og_type":"article","og_title":"March\u00e9 de l\u2019occasion | SAHB Hilfsmittelberatung","og_url":"https:\/\/sahb.ch\/fr\/marche-de-loccasion\/","og_site_name":"SAHB Hilfsmittelberatung","article_modified_time":"2026-08-03T09:51:43+00:00","og_image":[{"width":1200,"height":675,"url":"https:\/\/sahb.ch\/wp-content\/uploads\/2025\/01\/sahb-hilfsmittelberatung-logo@1200x675.png","type":"image\/png"}],"twitter_card":"summary_large_image","schema":{"@context":"https:\/\/schema.org","@graph":[{"@type":"WebPage","@id":"https:\/\/sahb.ch\/fr\/marche-de-loccasion\/","url":"https:\/\/sahb.ch\/fr\/marche-de-loccasion\/","name":"March\u00e9 de l\u2019occasion | SAHB Hilfsmittelberatung","isPartOf":{"@id":"https:\/\/sahb.ch\/fr\/#website"},"datePublished":"2026-03-18T13:41:44+00:00","dateModified":"2026-08-03T09:51:43+00:00","breadcrumb":{"@id":"https:\/\/sahb.ch\/fr\/marche-de-loccasion\/#breadcrumb"},"inLanguage":"fr-FR","potentialAction":[{"@type":"ReadAction","target":["https:\/\/sahb.ch\/fr\/marche-de-loccasion\/"]}]},{"@type":"BreadcrumbList","@id":"https:\/\/sahb.ch\/fr\/marche-de-loccasion\/#breadcrumb","itemListElement":[{"@type":"ListItem","position":1,"name":"Home","item":"https:\/\/sahb.ch\/fr\/"},{"@type":"ListItem","position":2,"name":"March\u00e9 de l\u2019occasion"}]},{"@type":"WebSite","@id":"https:\/\/sahb.ch\/fr\/#website","url":"https:\/\/sahb.ch\/fr\/","name":"SAHB Hilfsmittelberatung","description":"My WordPress Blog","publisher":{"@id":"https:\/\/sahb.ch\/fr\/#organization"},"alternateName":"SAHB","potentialAction":[{"@type":"SearchAction","target":{"@type":"EntryPoint","urlTemplate":"https:\/\/sahb.ch\/fr\/?s={search_term_string}"},"query-input":{"@type":"PropertyValueSpecification","valueRequired":true,"valueName":"search_term_string"}}],"inLanguage":"fr-FR"},{"@type":"Organization","@id":"https:\/\/sahb.ch\/fr\/#organization","name":"SAHB Hilfsmittelberatung","alternateName":"SAHB","url":"https:\/\/sahb.ch\/fr\/","logo":{"@type":"ImageObject","inLanguage":"fr-FR","@id":"https:\/\/sahb.ch\/fr\/#\/schema\/logo\/image\/","url":"https:\/\/sahb.ch\/wp-content\/uploads\/2025\/01\/sahb-hilfsmittelberatung-logo@696x696.png","contentUrl":"https:\/\/sahb.ch\/wp-content\/uploads\/2025\/01\/sahb-hilfsmittelberatung-logo@696x696.png","width":696,"height":696,"caption":"SAHB Hilfsmittelberatung"},"image":{"@id":"https:\/\/sahb.ch\/fr\/#\/schema\/logo\/image\/"}}]}},"_links":{"self":[{"href":"https:\/\/sahb.ch\/fr\/wp-json\/wp\/v2\/pages\/19106","targetHints":{"allow":["GET"]}}],"collection":[{"href":"https:\/\/sahb.ch\/fr\/wp-json\/wp\/v2\/pages"}],"about":[{"href":"https:\/\/sahb.ch\/fr\/wp-json\/wp\/v2\/types\/page"}],"author":[{"embeddable":true,"href":"https:\/\/sahb.ch\/fr\/wp-json\/wp\/v2\/users\/8"}],"replies":[{"embeddable":true,"href":"https:\/\/sahb.ch\/fr\/wp-json\/wp\/v2\/comments?post=19106"}],"version-history":[{"count":2,"href":"https:\/\/sahb.ch\/fr\/wp-json\/wp\/v2\/pages\/19106\/revisions"}],"predecessor-version":[{"id":21698,"href":"https:\/\/sahb.ch\/fr\/wp-json\/wp\/v2\/pages\/19106\/revisions\/21698"}],"wp:attachment":[{"href":"https:\/\/sahb.ch\/fr\/wp-json\/wp\/v2\/media?parent=19106"}],"curies":[{"name":"wp","href":"https:\/\/api.w.org\/{rel}","templated":true}]}}