{"id":19136,"date":"2026-03-02T17:27:06","date_gmt":"2026-03-02T16:27:06","guid":{"rendered":"https:\/\/sahb.ch\/notre-mandat\/"},"modified":"2026-07-07T13:12:05","modified_gmt":"2026-07-07T11:12:05","slug":"notre-mandat","status":"publish","type":"page","link":"https:\/\/sahb.ch\/fr\/notre-mandat\/","title":{"rendered":"Notre man\u00addat"},"content":{"rendered":"\t<section class=\"text-image-section\">\n    \t<div class=\"container\">\n        \t<div class=\"row\">\n            \t<div class=\"col-md-6\">\n                \t<div class=\"text-holder\">\n                    \t                        \t<h1>Notre man\u00addat<\/h1>\n                    \t                    \t                        \t<p>La FSCMA tra\u00advaille sur la base d\u2019un man\u00addat de pres\u00adta\u00adtions. Vous trou\u00adve\u00adrez plus d\u2019informations \u00e0&nbsp;ce sujet sur cette&nbsp;page.&nbsp;<\/p>\n                    \t                \t<\/div>\n            \t<\/div>\n            \t<div class=\"col-md-6\">\n                \t                    \t<figure class=\"img-holder\">\n                        \t<picture>\n                            \t                            \t<img decoding=\"async\" src=\"https:\/\/sahb.ch\/wp-content\/uploads\/2025\/11\/titel-sahb-hilfsmittel-schweiz-12-1024x325.jpg\" alt=\"Mission et vision - Die SAHB \u2013 Ihre unabh\u00e4ngige Beraterin und Dienstleisterin f\u00fcr Hilfsmittel in der Schweiz 3\" loading=\"lazy\" class=\"lazyload\">\n                        \t<\/picture>\n                    \t<\/figure>\n                \t            \t<\/div>\n        \t<\/div>\n    \t<\/div>\n\t<\/section>\n\t<!-- \/.text-image-section -->\n\t\n\n\n\n            <section class=\"article-text-section \">\n            <div class=\"container\">\n                <div class=\"row\">\n                    <div class=\"col-lg-10 col-xl-10\">\n                        <div class=\"text-holder text-holder-wide-left\">\n                            <h3>Conseil ind\u00e9\u00adpen\u00addant autour des moyens auxiliaires<\/h3>\n<p>La FSCMA est le centre de com\u00adp\u00e9\u00adtence natio\u00adnal pour la Consul\u00adta\u00adtion en moyens auxi\u00adliaires ind\u00e9\u00adpen\u00addante. Nous conseillons les per\u00adsonnes en situa\u00adtion de han\u00addi\u00adcap, les per\u00adsonnes \u00e2g\u00e9es et leurs proches aidants sur toutes les ques\u00adtions li\u00e9es aux moyens auxi\u00adliaires et les aidons \u00e0&nbsp;trou\u00adver des solu\u00adtions adap\u00adt\u00e9es pour plus d\u2019autod\u00e9termination au quotidien.<\/p>\n<h3>Ges\u00adtion des d\u00e9p\u00f4ts AI<\/h3>\n<p>Sur man\u00addat de l\u2019assurance-invalidit\u00e9, nous g\u00e9rons les d\u00e9p\u00f4ts AI. Cela com\u00adprend notam\u00adment des fau\u00adteuils rou\u00adlants, des scoo\u00adters, des aides \u00e0&nbsp;la marche, des lits de soins, des l\u00e8ve-per\u00ad\u00adsonnes, des rampes, des moyens auxi\u00adliaires pour les toi\u00adlettes et la douche ain\u00adsi que des appa\u00adreils de com\u00admu\u00adni\u00adca\u00adtion et de contr\u00f4le de l\u2019environnement. Les moyens auxi\u00adliaires qui ne sont plus n\u00e9ces\u00adsaires sont repris par la FSCMA, contr\u00f4\u00adl\u00e9s, remis en \u00e9tat et, si pos\u00adsible, r\u00e9uti\u00adli\u00ads\u00e9s. Nous contri\u00adbuons ain\u00adsi \u00e0&nbsp;une prise en charge ad\u00e9\u00adquate, au carac\u00adt\u00e8re \u00e9co\u00adno\u00admique et \u00e9co\u00adnome en ressources.<\/p>\n<h3>\u00c9va\u00adlua\u00adtions tech\u00adniques sp\u00e9cialis\u00e9es<\/h3>\n<p>En outre, nous sou\u00adte\u00adnons les offices AI et d\u2019autres assu\u00adrances sociales par des \u00e9va\u00adlua\u00adtions tech\u00adniques sp\u00e9\u00adcia\u00adli\u00ads\u00e9es. Sur demande, nous exa\u00admi\u00adnons les prises en charge de moyens auxi\u00adliaires d\u2019un point de vue tech\u00adnique neutre, notam\u00adment pour les fau\u00adteuils rou\u00adlants, les scoo\u00adters, les monte-esca\u00ad\u00adliers, les mesures de construc\u00adtion, les trans\u00adfor\u00adma\u00adtions de v\u00e9hi\u00adcules, la tech\u00adnique ortho\u00adp\u00e9\u00addique ain\u00adsi que les appa\u00adreils de com\u00admu\u00adni\u00adca\u00adtion et de contr\u00f4le de l\u2019environnement. Nous \u00e9va\u00adluons la prise en charge au regard de la sim\u00adpli\u00adci\u00adt\u00e9, de l\u2019ad\u00e9quation, du carac\u00adt\u00e8re \u00e9co\u00adno\u00admique et du rap\u00adport qualit\u00e9-prix.<\/p>\n<h3>Labo\u00adra\u00adtoire technique<\/h3>\n<p>Si n\u00e9ces\u00adsaire, les cla\u00adri\u00adfi\u00adca\u00adtions tech\u00adniques sp\u00e9\u00adcia\u00adli\u00ads\u00e9es peuvent \u00eatre com\u00adpl\u00e9\u00adt\u00e9es par des pres\u00adta\u00adtions du labo\u00adra\u00adtoire tech\u00adnique de la FSCMA, par exemple par une ana\u00adlyse du mou\u00adve\u00adment ou une pres\u00adta\u00adtion d\u2019atelier tech\u00adnique. Nous cr\u00e9ons ain\u00adsi une base tech\u00adnique sup\u00adpl\u00e9\u00admen\u00adtaire pour l\u2019\u00e9valuation de prises en charge com\u00adplexes et sou\u00adte\u00adnons les offices AI dans des d\u00e9ci\u00adsions fon\u00add\u00e9es. <a href=\"https:\/\/sahb.ch\/neueroeffnung-technisches-labor\/\">Plus d\u2019informations sur le TechLabor<\/a><\/p>\n<h3>Contri\u00adbu\u00adtion \u00e0&nbsp;l\u2019autod\u00e9termination et \u00e0&nbsp;la durabilit\u00e9<\/h3>\n<p>Par notre tra\u00advail, nous asso\u00adcions conseil, exper\u00adtise tech\u00adnique et ges\u00adtion durable des d\u00e9p\u00f4ts. Notre objec\u00adtif est que les per\u00adsonnes en situa\u00adtion de han\u00addi\u00adcap et les per\u00adsonnes \u00e2g\u00e9es puissent par\u00adti\u00adci\u00adper au quo\u00adti\u00addien de la mani\u00e8re la plus auto\u00adnome pos\u00adsible gr\u00e2ce \u00e0&nbsp;des moyens auxi\u00adliaires adapt\u00e9s.<\/p>\n<h3>Infor\u00adma\u00adtions compl\u00e9mentaires<\/h3>\n<p>Vous trou\u00adve\u00adrez des infor\u00adma\u00adtions com\u00adpl\u00e9\u00admen\u00adtaires sur les bases l\u00e9gales, la remise de moyens auxi\u00adliaires par l\u2019assurance-invalidit\u00e9, les d\u00e9p\u00f4ts AI et les cla\u00adri\u00adfi\u00adca\u00adtions tech\u00adniques sp\u00e9\u00adcia\u00adli\u00ads\u00e9es dans la <a href=\"https:\/\/sozialversicherungen.admin.ch\/fr\/d\/6380#versions=23|22|21\" target=\"_blank\" rel=\"noopener\">Cir\u00adcu\u00adlaire sur la remise de moyens auxi\u00adliaires par l\u2019assurance-invalidit\u00e9 (CMAI)<\/a><\/p>\n                        <\/div>\n                    <\/div>\n                <\/div>\n            <\/div>\n        <\/section>\n        <!-- \/.article-text-section wide left aligned -->\n\n    \n","protected":false},"excerpt":{"rendered":"","protected":false},"author":11,"featured_media":0,"parent":0,"menu_order":0,"comment_status":"closed","ping_status":"closed","template":"","meta":{"_acf_changed":false,"inline_featured_image":false,"wp_typography_post_enhancements_disabled":false,"footnotes":""},"class_list":["post-19136","page","type-page","status-publish","hentry"],"acf":[],"yoast_head":"<!-- This site is optimized with the Yoast SEO plugin v28.4 - https:\/\/yoast.com\/product\/yoast-seo-wordpress\/ -->\n<title>Notre mandat | SAHB Hilfsmittelberatung<\/title>\n<meta name=\"robots\" content=\"index, follow, max-snippet:-1, max-image-preview:large, max-video-preview:-1\" \/>\n<link rel=\"canonical\" href=\"https:\/\/sahb.ch\/fr\/notre-mandat\/\" \/>\n<meta property=\"og:locale\" content=\"fr_FR\" \/>\n<meta property=\"og:type\" content=\"article\" \/>\n<meta property=\"og:title\" content=\"Notre mandat | SAHB Hilfsmittelberatung\" \/>\n<meta property=\"og:url\" content=\"https:\/\/sahb.ch\/fr\/notre-mandat\/\" \/>\n<meta property=\"og:site_name\" content=\"SAHB Hilfsmittelberatung\" \/>\n<meta property=\"article:modified_time\" content=\"2026-07-07T11:12:05+00:00\" \/>\n<meta property=\"og:image\" content=\"https:\/\/sahb.ch\/wp-content\/uploads\/2025\/01\/sahb-hilfsmittelberatung-logo@1200x675.png\" \/>\n\t<meta property=\"og:image:width\" content=\"1200\" \/>\n\t<meta property=\"og:image:height\" content=\"675\" \/>\n\t<meta property=\"og:image:type\" content=\"image\/png\" \/>\n<meta name=\"twitter:card\" content=\"summary_large_image\" \/>\n<script type=\"application\/ld+json\" class=\"yoast-schema-graph\">{\"@context\":\"https:\\\/\\\/schema.org\",\"@graph\":[{\"@type\":\"WebPage\",\"@id\":\"https:\\\/\\\/sahb.ch\\\/fr\\\/notre-mandat\\\/\",\"url\":\"https:\\\/\\\/sahb.ch\\\/fr\\\/notre-mandat\\\/\",\"name\":\"Notre mandat | SAHB Hilfsmittelberatung\",\"isPartOf\":{\"@id\":\"https:\\\/\\\/sahb.ch\\\/fr\\\/#website\"},\"datePublished\":\"2026-03-02T16:27:06+00:00\",\"dateModified\":\"2026-07-07T11:12:05+00:00\",\"breadcrumb\":{\"@id\":\"https:\\\/\\\/sahb.ch\\\/fr\\\/notre-mandat\\\/#breadcrumb\"},\"inLanguage\":\"fr-FR\",\"potentialAction\":[{\"@type\":\"ReadAction\",\"target\":[\"https:\\\/\\\/sahb.ch\\\/fr\\\/notre-mandat\\\/\"]}]},{\"@type\":\"BreadcrumbList\",\"@id\":\"https:\\\/\\\/sahb.ch\\\/fr\\\/notre-mandat\\\/#breadcrumb\",\"itemListElement\":[{\"@type\":\"ListItem\",\"position\":1,\"name\":\"Home\",\"item\":\"https:\\\/\\\/sahb.ch\\\/fr\\\/\"},{\"@type\":\"ListItem\",\"position\":2,\"name\":\"Notre mandat\"}]},{\"@type\":\"WebSite\",\"@id\":\"https:\\\/\\\/sahb.ch\\\/fr\\\/#website\",\"url\":\"https:\\\/\\\/sahb.ch\\\/fr\\\/\",\"name\":\"SAHB Hilfsmittelberatung\",\"description\":\"My WordPress Blog\",\"publisher\":{\"@id\":\"https:\\\/\\\/sahb.ch\\\/fr\\\/#organization\"},\"alternateName\":\"SAHB\",\"potentialAction\":[{\"@type\":\"SearchAction\",\"target\":{\"@type\":\"EntryPoint\",\"urlTemplate\":\"https:\\\/\\\/sahb.ch\\\/fr\\\/?s={search_term_string}\"},\"query-input\":{\"@type\":\"PropertyValueSpecification\",\"valueRequired\":true,\"valueName\":\"search_term_string\"}}],\"inLanguage\":\"fr-FR\"},{\"@type\":\"Organization\",\"@id\":\"https:\\\/\\\/sahb.ch\\\/fr\\\/#organization\",\"name\":\"SAHB Hilfsmittelberatung\",\"alternateName\":\"SAHB\",\"url\":\"https:\\\/\\\/sahb.ch\\\/fr\\\/\",\"logo\":{\"@type\":\"ImageObject\",\"inLanguage\":\"fr-FR\",\"@id\":\"https:\\\/\\\/sahb.ch\\\/fr\\\/#\\\/schema\\\/logo\\\/image\\\/\",\"url\":\"https:\\\/\\\/sahb.ch\\\/wp-content\\\/uploads\\\/2025\\\/01\\\/sahb-hilfsmittelberatung-logo@696x696.png\",\"contentUrl\":\"https:\\\/\\\/sahb.ch\\\/wp-content\\\/uploads\\\/2025\\\/01\\\/sahb-hilfsmittelberatung-logo@696x696.png\",\"width\":696,\"height\":696,\"caption\":\"SAHB Hilfsmittelberatung\"},\"image\":{\"@id\":\"https:\\\/\\\/sahb.ch\\\/fr\\\/#\\\/schema\\\/logo\\\/image\\\/\"}}]}<\/script>\n<!-- \/ Yoast SEO plugin. -->","yoast_head_json":{"title":"Notre mandat | SAHB Hilfsmittelberatung","robots":{"index":"index","follow":"follow","max-snippet":"max-snippet:-1","max-image-preview":"max-image-preview:large","max-video-preview":"max-video-preview:-1"},"canonical":"https:\/\/sahb.ch\/fr\/notre-mandat\/","og_locale":"fr_FR","og_type":"article","og_title":"Notre mandat | SAHB Hilfsmittelberatung","og_url":"https:\/\/sahb.ch\/fr\/notre-mandat\/","og_site_name":"SAHB Hilfsmittelberatung","article_modified_time":"2026-07-07T11:12:05+00:00","og_image":[{"width":1200,"height":675,"url":"https:\/\/sahb.ch\/wp-content\/uploads\/2025\/01\/sahb-hilfsmittelberatung-logo@1200x675.png","type":"image\/png"}],"twitter_card":"summary_large_image","schema":{"@context":"https:\/\/schema.org","@graph":[{"@type":"WebPage","@id":"https:\/\/sahb.ch\/fr\/notre-mandat\/","url":"https:\/\/sahb.ch\/fr\/notre-mandat\/","name":"Notre mandat | SAHB Hilfsmittelberatung","isPartOf":{"@id":"https:\/\/sahb.ch\/fr\/#website"},"datePublished":"2026-03-02T16:27:06+00:00","dateModified":"2026-07-07T11:12:05+00:00","breadcrumb":{"@id":"https:\/\/sahb.ch\/fr\/notre-mandat\/#breadcrumb"},"inLanguage":"fr-FR","potentialAction":[{"@type":"ReadAction","target":["https:\/\/sahb.ch\/fr\/notre-mandat\/"]}]},{"@type":"BreadcrumbList","@id":"https:\/\/sahb.ch\/fr\/notre-mandat\/#breadcrumb","itemListElement":[{"@type":"ListItem","position":1,"name":"Home","item":"https:\/\/sahb.ch\/fr\/"},{"@type":"ListItem","position":2,"name":"Notre mandat"}]},{"@type":"WebSite","@id":"https:\/\/sahb.ch\/fr\/#website","url":"https:\/\/sahb.ch\/fr\/","name":"SAHB Hilfsmittelberatung","description":"My WordPress Blog","publisher":{"@id":"https:\/\/sahb.ch\/fr\/#organization"},"alternateName":"SAHB","potentialAction":[{"@type":"SearchAction","target":{"@type":"EntryPoint","urlTemplate":"https:\/\/sahb.ch\/fr\/?s={search_term_string}"},"query-input":{"@type":"PropertyValueSpecification","valueRequired":true,"valueName":"search_term_string"}}],"inLanguage":"fr-FR"},{"@type":"Organization","@id":"https:\/\/sahb.ch\/fr\/#organization","name":"SAHB Hilfsmittelberatung","alternateName":"SAHB","url":"https:\/\/sahb.ch\/fr\/","logo":{"@type":"ImageObject","inLanguage":"fr-FR","@id":"https:\/\/sahb.ch\/fr\/#\/schema\/logo\/image\/","url":"https:\/\/sahb.ch\/wp-content\/uploads\/2025\/01\/sahb-hilfsmittelberatung-logo@696x696.png","contentUrl":"https:\/\/sahb.ch\/wp-content\/uploads\/2025\/01\/sahb-hilfsmittelberatung-logo@696x696.png","width":696,"height":696,"caption":"SAHB Hilfsmittelberatung"},"image":{"@id":"https:\/\/sahb.ch\/fr\/#\/schema\/logo\/image\/"}}]}},"_links":{"self":[{"href":"https:\/\/sahb.ch\/fr\/wp-json\/wp\/v2\/pages\/19136","targetHints":{"allow":["GET"]}}],"collection":[{"href":"https:\/\/sahb.ch\/fr\/wp-json\/wp\/v2\/pages"}],"about":[{"href":"https:\/\/sahb.ch\/fr\/wp-json\/wp\/v2\/types\/page"}],"author":[{"embeddable":true,"href":"https:\/\/sahb.ch\/fr\/wp-json\/wp\/v2\/users\/11"}],"replies":[{"embeddable":true,"href":"https:\/\/sahb.ch\/fr\/wp-json\/wp\/v2\/comments?post=19136"}],"version-history":[{"count":3,"href":"https:\/\/sahb.ch\/fr\/wp-json\/wp\/v2\/pages\/19136\/revisions"}],"predecessor-version":[{"id":20005,"href":"https:\/\/sahb.ch\/fr\/wp-json\/wp\/v2\/pages\/19136\/revisions\/20005"}],"wp:attachment":[{"href":"https:\/\/sahb.ch\/fr\/wp-json\/wp\/v2\/media?parent=19136"}],"curies":[{"name":"wp","href":"https:\/\/api.w.org\/{rel}","templated":true}]}}